{"id":620,"date":"2015-11-30T08:48:53","date_gmt":"2015-11-30T07:48:53","guid":{"rendered":"https:\/\/aldv.ovh\/?page_id=620"},"modified":"2021-01-23T10:57:18","modified_gmt":"2021-01-23T09:57:18","slug":"organisation-des-marches","status":"publish","type":"page","link":"https:\/\/aldv.ovh\/?page_id=620","title":{"rendered":"Organisation des marches"},"content":{"rendered":"<p class=\"western\" align=\"center\"><span style=\"color: #000084;\"><span style=\"font-family: Times New Roman,serif;\"><span style=\"font-size: large;\"><br \/>\n<\/span><\/span><\/span><b> <\/b><\/p>\n<p class=\"western\" align=\"center\"><span style=\"color: #ff0000;\"><span style=\"font-family: Times New Roman,serif;\"><span style=\"font-size: large;\"><i>La vie du groupe, pour qu&rsquo;elle soit harmonieuse et conviviale, n\u00e9cessite le respect de certaines r\u00e8gles:<\/i><\/span><\/span><\/span><\/p>\n<p class=\"western\"><span style=\"color: #008400;\"><span style=\"font-family: Times New Roman,serif;\"><span style=\"font-size: large;\"><u>INFORMATION DE PR\u00c9SENCE<\/u><\/span><\/span><\/span><\/p>\n<p class=\"western\"><span style=\"color: #000084;\"><span style=\"font-family: Times New Roman,serif;\"><span style=\"font-size: large;\">Les Adh\u00e9rents, d\u00e9sireux de participer \u00e0 une randonn\u00e9e, doivent en informer l&rsquo;Animateur la veille, soit par t\u00e9l\u00e9phone entre 18 et 19h, soit par courriel, ce qui permettra \u00e0 celui-ci de pr\u00e9venir les participants d&rsquo;une \u00e9ventuelle annulation de la marche, en cas de circonstances atmosph\u00e9riques exceptionnelles ou autres.<\/span><\/span><\/span><\/p>\n<p class=\"western\"><span style=\"color: #000084;\"><span style=\"font-family: Times New Roman,serif;\"><span style=\"font-size: large;\">L&rsquo;Animateur peut ainsi servir de relais pour des personnes qui souhaiteraient trouver un covoiturage.<\/span><\/span><\/span><\/p>\n<p class=\"western\"><span style=\"color: #008400;\"><span style=\"font-family: Times New Roman,serif;\"><span style=\"font-size: large;\"><u>CONDITIONS DE PARTICIPATION<\/u><\/span><\/span><\/span><\/p>\n<p class=\"western\"><span style=\"color: #000084;\"><span style=\"font-family: Times New Roman,serif;\"><span style=\"font-size: large;\">&#8211; \u00catre membre de l&rsquo;ALDV, sauf pour une premi\u00e8re participation, \u00e0 titre d&rsquo;essai.<\/span><\/span><\/span><\/p>\n<p class=\"western\"><span style=\"color: #000084;\"><span style=\"font-family: Times New Roman,serif;\"><span style=\"font-size: large;\">&#8211; Produire, ou avoir produit, un certificat d&rsquo;aptitude \u00e0 la pratique de la randonn\u00e9e p\u00e9destre.<\/span><\/span><\/span><\/p>\n<p class=\"western\"><span style=\"color: #000084;\"><span style=\"font-family: Times New Roman,serif;\"><span style=\"font-size: large;\">&#8211; \u00catre \u00e9quip\u00e9 de chaussures de marche \u00e0 tige haute et de v\u00eatements adapt\u00e9s au temps du jour, avoir de l&rsquo;eau et des vivres en quantit\u00e9 suffisante, \u00eatre muni de sa pharmacie personnelle.<\/span><\/span><\/span><\/p>\n<p class=\"western\"><span style=\"color: #008400;\"><span style=\"font-family: Times New Roman,serif;\"><span style=\"font-size: large;\"><u>PENDANT LA MARCHE<\/u><\/span><\/span><\/span><\/p>\n<p class=\"western\"><span style=\"color: #000084;\"><span style=\"font-family: Times New Roman,serif;\"><span style=\"font-size: large;\">&#8211; Marcher sans d\u00e9passer l&rsquo;Animateur, celui-ci adaptant sa vitesse de progression afin de maintenir la coh\u00e9sion du groupe.<\/span><\/span><\/span><\/p>\n<p class=\"western\"><span style=\"color: #000084;\"><span style=\"font-family: Times New Roman,serif;\"><span style=\"font-size: large;\">&#8211; \u00catre attentif aux autres participants et signaler tout arr\u00eat, soit au \u00ab\u00a0Serre-File\u00a0\u00bb, soit en laissant son sac \u00e0 dos \u00e0 terre.<\/span><\/span><\/span><\/p>\n<p class=\"western\"><span style=\"color: #000084;\"><span style=\"font-family: Times New Roman,serif;\"><span style=\"font-size: large;\">&#8211; Si vous utilisez des b\u00e2tons de randonn\u00e9e, tenez-les avec la pointe <\/span><\/span><\/span><span style=\"color: #000084;\"><span style=\"font-family: Times New Roman,serif;\"><span style=\"font-size: large;\"><u>devant vous<\/u><\/span><\/span><\/span><span style=\"color: #000084;\"><span style=\"font-family: Times New Roman,serif;\"><span style=\"font-size: large;\">, lorsque vous ne vous en servez pas.<\/span><\/span><\/span><\/p>\n<p class=\"western\"><span style=\"color: #000084;\"><span style=\"font-family: Times New Roman,serif;\"><span style=\"font-size: large;\">&#8211; Ne pas rompre la continuit\u00e9 du groupe ou se signaler de mani\u00e8re sonore si vous ne voyez plus la personne qui vous pr\u00e9c\u00e8de.<\/span><\/span><\/span><\/p>\n<p class=\"western\"><span style=\"color: #000084;\"><span style=\"font-family: Times New Roman,serif;\"><span style=\"font-size: large;\">&#8211; Sauf interdiction stipul\u00e9e sur le programme, nos amis les chiens sont accept\u00e9s, \u00e0 condition que leur comportement n&rsquo;importune pas les participants. Il est souhaitable qu&rsquo;il soient tenus en laisse courte, mais syst\u00e9matiquement dans les passages d\u00e9licats.<\/span><\/span><\/span><\/p>\n<p style=\"text-align: center;\"><em><span style=\"font-size: 18pt; color: #008000;\">MESURES SPECIALES EN PERIODE COVID<\/span><\/em><\/p>\n<ul>\n<li style=\"text-align: left;\"><em><strong><span style=\"color: #ff0000; font-size: 14pt;\">progresser par groupes de 6 personnes, animateur compris,\u00a0<\/span><\/strong><\/em><\/li>\n<li><em><strong><span style=\"color: #ff0000; font-size: 14pt;\">respecter une distance de 2m entre chaque participant, y compris pendant les pauses<\/span><\/strong><\/em><\/li>\n<li><em><strong><span style=\"color: #ff0000; font-size: 14pt;\">porter le masque pendant le covoiturage<\/span><\/strong><\/em><\/li>\n<\/ul>\n<p class=\"western\" style=\"text-align: center;\"><strong><a href=\"https:\/\/aldv.ovh\/?page_id=28\">Retour Programme<\/a><\/strong><\/p>\n","protected":false},"excerpt":{"rendered":"<p>La vie du groupe, pour qu&rsquo;elle soit harmonieuse et conviviale, n\u00e9cessite le respect de certaines r\u00e8gles: INFORMATION DE PR\u00c9SENCE Les Adh\u00e9rents, d\u00e9sireux de participer \u00e0 une randonn\u00e9e, doivent en informer l&rsquo;Animateur la veille, soit par t\u00e9l\u00e9phone entre 18 et 19h, soit par courriel, ce qui permettra \u00e0 celui-ci de pr\u00e9venir les participants d&rsquo;une \u00e9ventuelle annulation &hellip; <a href=\"https:\/\/aldv.ovh\/?page_id=620\" class=\"more-link\">Continuer la lecture de <span class=\"screen-reader-text\">Organisation des marches<\/span> <span class=\"meta-nav\">&rarr;<\/span><\/a><\/p>\n","protected":false},"author":1,"featured_media":0,"parent":0,"menu_order":0,"comment_status":"closed","ping_status":"closed","template":"","meta":[],"_links":{"self":[{"href":"https:\/\/aldv.ovh\/index.php?rest_route=\/wp\/v2\/pages\/620"}],"collection":[{"href":"https:\/\/aldv.ovh\/index.php?rest_route=\/wp\/v2\/pages"}],"about":[{"href":"https:\/\/aldv.ovh\/index.php?rest_route=\/wp\/v2\/types\/page"}],"author":[{"embeddable":true,"href":"https:\/\/aldv.ovh\/index.php?rest_route=\/wp\/v2\/users\/1"}],"replies":[{"embeddable":true,"href":"https:\/\/aldv.ovh\/index.php?rest_route=%2Fwp%2Fv2%2Fcomments&post=620"}],"version-history":[{"count":2,"href":"https:\/\/aldv.ovh\/index.php?rest_route=\/wp\/v2\/pages\/620\/revisions"}],"predecessor-version":[{"id":2493,"href":"https:\/\/aldv.ovh\/index.php?rest_route=\/wp\/v2\/pages\/620\/revisions\/2493"}],"wp:attachment":[{"href":"https:\/\/aldv.ovh\/index.php?rest_route=%2Fwp%2Fv2%2Fmedia&parent=620"}],"curies":[{"name":"wp","href":"https:\/\/api.w.org\/{rel}","templated":true}]}}